{"id":10686,"date":"2024-06-13T11:59:21","date_gmt":"2024-06-13T09:59:21","guid":{"rendered":"https:\/\/www.denkpharma.com\/?page_id=10686"},"modified":"2026-01-13T16:17:02","modified_gmt":"2026-01-13T15:17:02","slug":"politica-de-privacidad","status":"publish","type":"page","link":"https:\/\/www.denkpharma.com\/es\/politica-de-privacidad\/","title":{"rendered":"Pol\u00edtica de privacidad"},"content":{"rendered":"\t\t<div data-elementor-type=\"wp-page\" data-elementor-id=\"10686\" class=\"elementor elementor-10686 elementor-6582\" data-elementor-post-type=\"page\">\n\t\t\t\t<div class=\"elementor-element elementor-element-d937a8d e-flex e-con-boxed e-con e-parent\" data-id=\"d937a8d\" data-element_type=\"container\" data-e-type=\"container\" data-settings=\"{&quot;_is_slider_enabled&quot;:&quot;no&quot;}\">\n\t\t\t\t\t<div class=\"e-con-inner\">\n\t\t\t\t<div class=\"elementor-element elementor-element-5dd4fab elementor-widget elementor-widget-heading\" data-id=\"5dd4fab\" data-element_type=\"widget\" data-e-type=\"widget\" data-widget_type=\"heading.default\">\n\t\t\t\t\t<h1 class=\"elementor-heading-title elementor-size-default\">Pol\u00edtica de privacidad<\/h1>\t\t\t\t<\/div>\n\t\t\t\t<div class=\"elementor-element elementor-element-b9256f7 elementor-widget elementor-widget-heading\" data-id=\"b9256f7\" data-element_type=\"widget\" data-e-type=\"widget\" data-widget_type=\"heading.default\">\n\t\t\t\t\t<h2 class=\"elementor-heading-title elementor-size-default\">1. Protecci\u00f3n de datos de un vistazo<\/h2>\t\t\t\t<\/div>\n\t\t\t\t<div class=\"elementor-element elementor-element-c7e93c2 elementor-widget elementor-widget-heading\" data-id=\"c7e93c2\" data-element_type=\"widget\" data-e-type=\"widget\" data-widget_type=\"heading.default\">\n\t\t\t\t\t<h3 class=\"elementor-heading-title elementor-size-default\">Informaci\u00f3n general<\/h3>\t\t\t\t<\/div>\n\t\t\t\t<div class=\"elementor-element elementor-element-63425f8 elementor-widget elementor-widget-text-editor\" data-id=\"63425f8\" data-element_type=\"widget\" data-e-type=\"widget\" data-widget_type=\"text-editor.default\">\n\t\t\t\t\t\t\t\t\tLa siguiente informaci\u00f3n ofrece una visi\u00f3n general sencilla de lo que ocurre con sus datos personales cuando visita nuestro sitio web. Por datos personales se entiende cualquier dato que pueda utilizarse para identificarle personalmente. Encontrar\u00e1 informaci\u00f3n detallada sobre la protecci\u00f3n de datos en nuestra pol\u00edtica de privacidad, que figura debajo de este texto.\t\t\t\t\t\t\t\t<\/div>\n\t\t\t\t<div class=\"elementor-element elementor-element-3391ba8 elementor-widget elementor-widget-heading\" data-id=\"3391ba8\" data-element_type=\"widget\" data-e-type=\"widget\" data-widget_type=\"heading.default\">\n\t\t\t\t\t<h2 class=\"elementor-heading-title elementor-size-default\">Recogida de datos en nuestro sitio web<\/h2>\t\t\t\t<\/div>\n\t\t\t\t<div class=\"elementor-element elementor-element-bb6490e elementor-widget elementor-widget-text-editor\" data-id=\"bb6490e\" data-element_type=\"widget\" data-e-type=\"widget\" data-widget_type=\"text-editor.default\">\n\t\t\t\t\t\t\t\t\tEl tratamiento de datos en este sitio web corre a cargo del operador del mismo. Encontrar\u00e1 sus datos de contacto en el pie de imprenta de este sitio web.\t\t\t\t\t\t\t\t<\/div>\n\t\t\t\t<div class=\"elementor-element elementor-element-8d5c0cb elementor-widget elementor-widget-heading\" data-id=\"8d5c0cb\" data-element_type=\"widget\" data-e-type=\"widget\" data-widget_type=\"heading.default\">\n\t\t\t\t\t<h3 class=\"elementor-heading-title elementor-size-default\">\u00bfC\u00f3mo recogemos sus datos?<\/h3>\t\t\t\t<\/div>\n\t\t\t\t<div class=\"elementor-element elementor-element-acc94d0 elementor-widget elementor-widget-text-editor\" data-id=\"acc94d0\" data-element_type=\"widget\" data-e-type=\"widget\" data-widget_type=\"text-editor.default\">\n\t\t\t\t\t\t\t\t\tSus datos se recogen en parte cuando usted nos los proporciona. Por ejemplo, puede tratarse de los datos que introduce en un formulario de contacto o de la informaci\u00f3n que facilita al notificar efectos secundarios a trav\u00e9s de este sitio web. Otros datos son recogidos autom\u00e1ticamente por nuestros sistemas inform\u00e1ticos cuando usted visita el sitio web. Se trata de datos t\u00e9cnicos (por ejemplo, navegador de Internet, sistema operativo u hora de visita de la p\u00e1gina). Estos datos se recogen autom\u00e1ticamente en cuanto usted entra en nuestro sitio web.\t\t\t\t\t\t\t\t<\/div>\n\t\t\t\t<div class=\"elementor-element elementor-element-1599b45 elementor-widget elementor-widget-heading\" data-id=\"1599b45\" data-element_type=\"widget\" data-e-type=\"widget\" data-widget_type=\"heading.default\">\n\t\t\t\t\t<h3 class=\"elementor-heading-title elementor-size-default\">\u00bfPara qu\u00e9 utilizamos sus datos?<\/h3>\t\t\t\t<\/div>\n\t\t\t\t<div class=\"elementor-element elementor-element-7f91aa3 elementor-widget elementor-widget-text-editor\" data-id=\"7f91aa3\" data-element_type=\"widget\" data-e-type=\"widget\" data-widget_type=\"text-editor.default\">\n\t\t\t\t\t\t\t\t\tParte de los datos se recogen para garantizar la prestaci\u00f3n sin errores del sitio web. Otros datos pueden utilizarse para analizar su comportamiento como usuario.\t\t\t\t\t\t\t\t<\/div>\n\t\t\t\t<div class=\"elementor-element elementor-element-e9b4d71 elementor-widget elementor-widget-heading\" data-id=\"e9b4d71\" data-element_type=\"widget\" data-e-type=\"widget\" data-widget_type=\"heading.default\">\n\t\t\t\t\t<h3 class=\"elementor-heading-title elementor-size-default\">\u00bfQu\u00e9 derechos tiene en relaci\u00f3n con sus datos?<\/h3>\t\t\t\t<\/div>\n\t\t\t\t<div class=\"elementor-element elementor-element-20e4b7f elementor-widget elementor-widget-text-editor\" data-id=\"20e4b7f\" data-element_type=\"widget\" data-e-type=\"widget\" data-widget_type=\"text-editor.default\">\n\t\t\t\t\t\t\t\t\tTiene derecho a obtener en cualquier momento informaci\u00f3n gratuita sobre el origen, el destinatario y la finalidad de sus datos personales almacenados. Tambi\u00e9n tiene derecho a solicitar la correcci\u00f3n, el bloqueo o la supresi\u00f3n de estos datos. Para ello, y para otras cuestiones sobre el tema de la protecci\u00f3n de datos, puede ponerse en contacto con nosotros en cualquier momento en la direcci\u00f3n indicada en el pie de imprenta. Tambi\u00e9n tiene derecho a presentar una reclamaci\u00f3n ante la autoridad de control competente. Adem\u00e1s, tiene derecho a solicitar la limitaci\u00f3n del tratamiento de sus datos personales en determinadas circunstancias. Para m\u00e1s detalles, consulte el apartado \u00abDerecho a la restricci\u00f3n del tratamiento\u00bb de la pol\u00edtica de privacidad.\t\t\t\t\t\t\t\t<\/div>\n\t\t\t\t<div class=\"elementor-element elementor-element-3a6a516 elementor-widget elementor-widget-heading\" data-id=\"3a6a516\" data-element_type=\"widget\" data-e-type=\"widget\" data-widget_type=\"heading.default\">\n\t\t\t\t\t<h3 class=\"elementor-heading-title elementor-size-default\">Herramientas anal\u00edticas y de terceros<\/h3>\t\t\t\t<\/div>\n\t\t\t\t<div class=\"elementor-element elementor-element-090018a elementor-widget elementor-widget-text-editor\" data-id=\"090018a\" data-element_type=\"widget\" data-e-type=\"widget\" data-widget_type=\"text-editor.default\">\n\t\t\t\t\t\t\t\t\tCuando visita nuestro sitio web, su comportamiento de navegaci\u00f3n puede ser analizado estad\u00edsticamente. Para ello se utilizan principalmente cookies y los denominados programas de an\u00e1lisis. El an\u00e1lisis de su comportamiento de navegaci\u00f3n es generalmente an\u00f3nimo; el comportamiento de navegaci\u00f3n no puede ser rastreado hasta usted. Puede oponerse a este an\u00e1lisis o impedirlo no utilizando determinadas herramientas. Encontrar\u00e1 informaci\u00f3n detallada sobre estas herramientas y sus opciones de oposici\u00f3n en la siguiente pol\u00edtica de privacidad.\t\t\t\t\t\t\t\t<\/div>\n\t\t\t\t<div class=\"elementor-element elementor-element-5d55369 elementor-widget elementor-widget-heading\" data-id=\"5d55369\" data-element_type=\"widget\" data-e-type=\"widget\" data-widget_type=\"heading.default\">\n\t\t\t\t\t<h2 class=\"elementor-heading-title elementor-size-default\">2. Informaci\u00f3n general e informaci\u00f3n obligatoria<\/h2>\t\t\t\t<\/div>\n\t\t\t\t<div class=\"elementor-element elementor-element-1edc946 elementor-widget elementor-widget-heading\" data-id=\"1edc946\" data-element_type=\"widget\" data-e-type=\"widget\" data-widget_type=\"heading.default\">\n\t\t\t\t\t<h2 class=\"elementor-heading-title elementor-size-default\">Protecci\u00f3n de datos<\/h2>\t\t\t\t<\/div>\n\t\t\t\t<div class=\"elementor-element elementor-element-8ec489c elementor-widget elementor-widget-text-editor\" data-id=\"8ec489c\" data-element_type=\"widget\" data-e-type=\"widget\" data-widget_type=\"text-editor.default\">\n\t\t\t\t\t\t\t\t\tLos operadores de estas p\u00e1ginas se toman muy en serio la protecci\u00f3n de sus datos personales. Tratamos sus datos personales de forma confidencial y de conformidad con las disposiciones legales sobre protecci\u00f3n de datos y la presente pol\u00edtica de privacidad. Cuando usted utiliza este sitio web, se recopilan diversos datos personales. Los datos personales son datos que pueden identificarle personalmente. Esta pol\u00edtica de privacidad explica qu\u00e9 datos recogemos y para qu\u00e9 los utilizamos. Tambi\u00e9n explica c\u00f3mo y con qu\u00e9 fin lo hacemos. Se\u00f1alamos que la transmisi\u00f3n de datos en internet (por ejemplo, la comunicaci\u00f3n por correo electr\u00f3nico) puede presentar lagunas de seguridad. No es posible una protecci\u00f3n completa de los datos frente al acceso de terceros.\t\t\t\t\t\t\t\t<\/div>\n\t\t\t\t<div class=\"elementor-element elementor-element-7686076 elementor-widget elementor-widget-heading\" data-id=\"7686076\" data-element_type=\"widget\" data-e-type=\"widget\" data-widget_type=\"heading.default\">\n\t\t\t\t\t<h2 class=\"elementor-heading-title elementor-size-default\">Aviso sobre el responsable<\/h2>\t\t\t\t<\/div>\n\t\t\t\t<div class=\"elementor-element elementor-element-1ba810d elementor-widget elementor-widget-text-editor\" data-id=\"1ba810d\" data-element_type=\"widget\" data-e-type=\"widget\" data-widget_type=\"text-editor.default\">\n\t\t\t\t\t\t\t\t\t<p>El responsable del tratamiento de datos en este sitio web es:<\/p><p>Responsable seg\u00fan el GDPR: Dipl.-Betriebswirt Stephan Huber<br \/>DENK PHARMA GmbH &amp; Co. KG<br \/>Prinzregentenstra\u00dfe 79<br \/>81675 M\u00fanich<br \/>Alemania<br \/>Tel: +49 (0)89 23 00 29-0<br \/>Correo electr\u00f3nico: <a href=\"mailto:pharma@denkpharma.de\">pharma@denkpharma.de<\/a><\/p><p>El responsable es la persona f\u00edsica o jur\u00eddica que, sola o conjuntamente con otras, decide los fines y medios del tratamiento de datos personales (por ejemplo, nombres, direcciones de correo electr\u00f3nico, etc.).<\/p>\t\t\t\t\t\t\t\t<\/div>\n\t\t\t\t<div class=\"elementor-element elementor-element-7cb9c0d elementor-widget elementor-widget-heading\" data-id=\"7cb9c0d\" data-element_type=\"widget\" data-e-type=\"widget\" data-widget_type=\"heading.default\">\n\t\t\t\t\t<h3 class=\"elementor-heading-title elementor-size-default\">Responsable de protecci\u00f3n de datos legalmente requerido<\/h3>\t\t\t\t<\/div>\n\t\t\t\t<div class=\"elementor-element elementor-element-e866900 elementor-widget elementor-widget-text-editor\" data-id=\"e866900\" data-element_type=\"widget\" data-e-type=\"widget\" data-widget_type=\"text-editor.default\">\n\t\t\t\t\t\t\t\t\t<p>Hemos nombrado a un responsable de la protecci\u00f3n de datos para nuestra empresa:<br \/>Andrew Ladouceur<br \/>microCAT GmbH<br \/>Bunsenstrasse 3<br \/>82152 Planegg-Martinsried<br \/>Tel: +49 89745158 64<br \/>Correo electr\u00f3nico: <a href=\"mailto:datenschutz@denkpharma.de\">datenschutz@denkpharma.de<\/a><\/p>\t\t\t\t\t\t\t\t<\/div>\n\t\t\t\t<div class=\"elementor-element elementor-element-7b1c924 elementor-widget elementor-widget-heading\" data-id=\"7b1c924\" data-element_type=\"widget\" data-e-type=\"widget\" data-widget_type=\"heading.default\">\n\t\t\t\t\t<h3 class=\"elementor-heading-title elementor-size-default\">Revocaci\u00f3n de su consentimiento para el tratamiento de datos<\/h3>\t\t\t\t<\/div>\n\t\t\t\t<div class=\"elementor-element elementor-element-bef0164 elementor-widget elementor-widget-text-editor\" data-id=\"bef0164\" data-element_type=\"widget\" data-e-type=\"widget\" data-widget_type=\"text-editor.default\">\n\t\t\t\t\t\t\t\t\tMuchas operaciones de tratamiento de datos s\u00f3lo son posibles con su consentimiento expl\u00edcito. Puede revocar un consentimiento ya dado en cualquier momento. Para ello, basta con que nos env\u00ede un correo electr\u00f3nico informal. La revocaci\u00f3n no afectar\u00e1 a la legalidad del tratamiento de datos efectuado hasta el momento de la revocaci\u00f3n.\t\t\t\t\t\t\t\t<\/div>\n\t\t\t\t<div class=\"elementor-element elementor-element-ce7b748 elementor-widget elementor-widget-heading\" data-id=\"ce7b748\" data-element_type=\"widget\" data-e-type=\"widget\" data-widget_type=\"heading.default\">\n\t\t\t\t\t<h3 class=\"elementor-heading-title elementor-size-default\">Derecho a oponerse a la recogida de datos en casos especiales y a la mercadotecnia directa (art. 21 del RGPD)<\/h3>\t\t\t\t<\/div>\n\t\t\t\t<div class=\"elementor-element elementor-element-09a41ba elementor-widget elementor-widget-text-editor\" data-id=\"09a41ba\" data-element_type=\"widget\" data-e-type=\"widget\" data-widget_type=\"text-editor.default\">\n\t\t\t\t\t\t\t\t\t<p>Si el tratamiento de datos se basa en el Art. 6(1)(e) o (f) del GDPR, tiene derecho a oponerse en cualquier momento al tratamiento de sus datos personales por motivos derivados de su situaci\u00f3n particular; esto tambi\u00e9n se aplica a la elaboraci\u00f3n de perfiles basada en estas disposiciones. La base jur\u00eddica en la que se fundamenta el tratamiento figura en esta pol\u00edtica de privacidad. Si se opone, dejaremos de procesar sus datos personales afectados a menos que podamos demostrar motivos leg\u00edtimos imperiosos para el procesamiento que prevalezcan sobre sus intereses, derechos y libertades, o el procesamiento sirva para hacer valer, ejercer o defender reclamaciones legales (objeci\u00f3n seg\u00fan el Art. 21(1) GDPR).<\/p><p>Si sus datos personales se procesan para llevar a cabo publicidad directa, tiene derecho a oponerse en cualquier momento al procesamiento de sus datos personales a efectos de dicha publicidad; esto tambi\u00e9n se aplica a la elaboraci\u00f3n de perfiles, en la medida en que est\u00e9 relacionada con dicha publicidad directa. Si se opone, sus datos personales dejar\u00e1n de utilizarse posteriormente con fines de publicidad directa (oposici\u00f3n con arreglo al art. 21(2) GDPR).<\/p>\t\t\t\t\t\t\t\t<\/div>\n\t\t\t\t<div class=\"elementor-element elementor-element-d7b51d2 elementor-widget elementor-widget-heading\" data-id=\"d7b51d2\" data-element_type=\"widget\" data-e-type=\"widget\" data-widget_type=\"heading.default\">\n\t\t\t\t\t<h3 class=\"elementor-heading-title elementor-size-default\">Derecho a presentar una reclamaci\u00f3n ante la autoridad de control competente<\/h3>\t\t\t\t<\/div>\n\t\t\t\t<div class=\"elementor-element elementor-element-b10d200 elementor-widget elementor-widget-text-editor\" data-id=\"b10d200\" data-element_type=\"widget\" data-e-type=\"widget\" data-widget_type=\"text-editor.default\">\n\t\t\t\t\t\t\t\t\tEn caso de violaci\u00f3n del RGPD, los interesados tienen derecho a presentar una reclamaci\u00f3n ante una autoridad de control, en particular en el Estado miembro de su residencia habitual, lugar de trabajo o lugar de la presunta violaci\u00f3n. El derecho a presentar una reclamaci\u00f3n se entiende sin perjuicio de otros recursos administrativos o judiciales.\t\t\t\t\t\t\t\t<\/div>\n\t\t\t\t<div class=\"elementor-element elementor-element-7ec6faf elementor-widget elementor-widget-heading\" data-id=\"7ec6faf\" data-element_type=\"widget\" data-e-type=\"widget\" data-widget_type=\"heading.default\">\n\t\t\t\t\t<h2 class=\"elementor-heading-title elementor-size-default\">Derecho a la portabilidad de datos<\/h2>\t\t\t\t<\/div>\n\t\t\t\t<div class=\"elementor-element elementor-element-9b86219 elementor-widget elementor-widget-text-editor\" data-id=\"9b86219\" data-element_type=\"widget\" data-e-type=\"widget\" data-widget_type=\"text-editor.default\">\n\t\t\t\t\t\t\t\t\tTiene derecho a recibir los datos personales que le conciernen, que tratamos sobre la base de su consentimiento o para la ejecuci\u00f3n de un contrato, en un formato estructurado, de uso com\u00fan y lectura mec\u00e1nica. Si solicita la transferencia directa de los datos a otro responsable del tratamiento, s\u00f3lo se har\u00e1 en la medida en que sea t\u00e9cnicamente posible.\t\t\t\t\t\t\t\t<\/div>\n\t\t\t\t<div class=\"elementor-element elementor-element-54791d0 elementor-widget elementor-widget-heading\" data-id=\"54791d0\" data-element_type=\"widget\" data-e-type=\"widget\" data-widget_type=\"heading.default\">\n\t\t\t\t\t<h2 class=\"elementor-heading-title elementor-size-default\">Informaci\u00f3n, bloqueo, supresi\u00f3n y rectificaci\u00f3n<\/h2>\t\t\t\t<\/div>\n\t\t\t\t<div class=\"elementor-element elementor-element-738b993 elementor-widget elementor-widget-text-editor\" data-id=\"738b993\" data-element_type=\"widget\" data-e-type=\"widget\" data-widget_type=\"text-editor.default\">\n\t\t\t\t\t\t\t\t\tDentro del \u00e1mbito de las disposiciones legales aplicables, usted tiene derecho a obtener informaci\u00f3n gratuita en cualquier momento sobre sus datos personales almacenados, su origen y destinatarios, y la finalidad del tratamiento de datos, as\u00ed como derecho de rectificaci\u00f3n, bloqueo o supresi\u00f3n de dichos datos, si procede. Para ello y para cualquier otra cuesti\u00f3n relativa a los datos personales, puede ponerse en contacto con nosotros en cualquier momento utilizando la informaci\u00f3n de contacto que figura en el pie de imprenta.\t\t\t\t\t\t\t\t<\/div>\n\t\t\t\t<div class=\"elementor-element elementor-element-8df9098 elementor-widget elementor-widget-heading\" data-id=\"8df9098\" data-element_type=\"widget\" data-e-type=\"widget\" data-widget_type=\"heading.default\">\n\t\t\t\t\t<h2 class=\"elementor-heading-title elementor-size-default\">Derecho a la limitaci\u00f3n del tratamiento<\/h2>\t\t\t\t<\/div>\n\t\t\t\t<div class=\"elementor-element elementor-element-a7b404e elementor-widget elementor-widget-text-editor\" data-id=\"a7b404e\" data-element_type=\"widget\" data-e-type=\"widget\" data-widget_type=\"text-editor.default\">\n\t\t\t\t\t\t\t\t\tTiene derecho a solicitar la restricci\u00f3n del tratamiento de sus datos personales. Puede ponerse en contacto con nosotros en cualquier momento utilizando la informaci\u00f3n de contacto que figura en el pie de imprenta. El derecho a restringir el tratamiento existe en los siguientes casos:\n<ul>\n \t<li>Si impugna la exactitud de sus datos personales almacenados con nosotros, normalmente necesitamos tiempo para verificarlo. Durante el periodo de verificaci\u00f3n, tiene derecho a solicitar la restricci\u00f3n del tratamiento de sus datos personales.<\/li>\n \t<li>Si el tratamiento de sus datos personales era\/es ilegal, pero usted se opone a la supresi\u00f3n de los datos y solicita en su lugar la restricci\u00f3n de su uso.<\/li>\n \t<li>Si ya no necesitamos sus datos personales para los fines del tratamiento, pero usted los necesita para el reconocimiento, ejercicio o defensa de reclamaciones legales, tiene derecho a solicitar la limitaci\u00f3n del tratamiento de sus datos personales en lugar de su supresi\u00f3n.<\/li>\n \t<li>Si se ha opuesto al tratamiento de conformidad con el art. 21(1) GDPR, debe establecerse un equilibrio entre sus intereses y los nuestros. Hasta que se determine qu\u00e9 intereses prevalecen, usted tiene derecho a solicitar la restricci\u00f3n del tratamiento de sus datos personales.<\/li>\n<\/ul>\t\t\t\t\t\t\t\t<\/div>\n\t\t\t\t<div class=\"elementor-element elementor-element-70b8ad5 elementor-widget elementor-widget-text-editor\" data-id=\"70b8ad5\" data-element_type=\"widget\" data-e-type=\"widget\" data-widget_type=\"text-editor.default\">\n\t\t\t\t\t\t\t\t\tUna vez que haya solicitado la limitaci\u00f3n del tratamiento de sus datos personales, estos datos, adem\u00e1s de almacenarse, s\u00f3lo podr\u00e1n tratarse con su consentimiento o para el reconocimiento, ejercicio o defensa de un derecho en un procedimiento judicial o para la protecci\u00f3n de los derechos de otra persona f\u00edsica o jur\u00eddica, o por razones de inter\u00e9s p\u00fablico importantes de la Uni\u00f3n Europea o de un Estado miembro.\t\t\t\t\t\t\t\t<\/div>\n\t\t\t\t\t<\/div>\n\t\t\t\t<\/div>\n\t\t<div class=\"elementor-element elementor-element-e4a2414 e-flex e-con-boxed e-con e-parent\" data-id=\"e4a2414\" data-element_type=\"container\" data-e-type=\"container\" data-settings=\"{&quot;_is_slider_enabled&quot;:&quot;no&quot;}\">\n\t\t\t\t\t<div class=\"e-con-inner\">\n\t\t\t\t<div class=\"elementor-element elementor-element-be716df elementor-widget elementor-widget-heading\" data-id=\"be716df\" data-element_type=\"widget\" data-e-type=\"widget\" data-widget_type=\"heading.default\">\n\t\t\t\t\t<h2 class=\"elementor-heading-title elementor-size-default\">3. Recogida de datos en nuestro sitio web<\/h2>\t\t\t\t<\/div>\n\t\t\t\t<div class=\"elementor-element elementor-element-42afe2e elementor-widget elementor-widget-heading\" data-id=\"42afe2e\" data-element_type=\"widget\" data-e-type=\"widget\" data-widget_type=\"heading.default\">\n\t\t\t\t\t<h2 class=\"elementor-heading-title elementor-size-default\">Cookies<\/h2>\t\t\t\t<\/div>\n\t\t\t\t<div class=\"elementor-element elementor-element-b4f2f4a elementor-widget elementor-widget-text-editor\" data-id=\"b4f2f4a\" data-element_type=\"widget\" data-e-type=\"widget\" data-widget_type=\"text-editor.default\">\n\t\t\t\t\t\t\t\t\t<p>Nuestras p\u00e1ginas web utilizan parcialmente las denominadas cookies. Las cookies no da\u00f1an su ordenador y no contienen virus. Sirven para hacer nuestra oferta m\u00e1s f\u00e1cil de usar, eficaz y segura. Las cookies son peque\u00f1os archivos de texto que se almacenan en su ordenador y que guarda su navegador.<\/p><p>La mayor\u00eda de las cookies que utilizamos son las llamadas \u00abcookies de sesi\u00f3n\u00bb. Se borran autom\u00e1ticamente despu\u00e9s de su visita. Otras cookies permanecen almacenadas en su dispositivo hasta que usted las borra. Estas cookies nos permiten reconocer su navegador en su pr\u00f3xima visita.<br \/>Puede configurar su navegador para que le informe sobre la instalaci\u00f3n de cookies y permitirlas s\u00f3lo en casos individuales, para excluir la aceptaci\u00f3n de cookies para determinados casos o en general, y para activar la eliminaci\u00f3n autom\u00e1tica de cookies al cerrar el navegador. La desactivaci\u00f3n de las cookies puede limitar la funcionalidad de este sitio web.<\/p><p>Las cookies que son necesarias para la realizaci\u00f3n de procesos de comunicaci\u00f3n electr\u00f3nica o para la prestaci\u00f3n de determinadas funciones deseadas por usted (por ejemplo, la funci\u00f3n de carrito de la compra) se almacenan sobre la base del Art. 6(1)(f) GDPR. El operador del sitio web tiene un inter\u00e9s leg\u00edtimo en almacenar cookies para la prestaci\u00f3n t\u00e9cnicamente libre de errores y optimizada de sus servicios.<\/p><p>Si se almacenan otras cookies (por ejemplo, cookies para analizar su comportamiento de navegaci\u00f3n), se tratar\u00e1n por separado en esta pol\u00edtica de privacidad.<\/p>\t\t\t\t\t\t\t\t<\/div>\n\t\t\t\t<div class=\"elementor-element elementor-element-15d2178 elementor-widget elementor-widget-heading\" data-id=\"15d2178\" data-element_type=\"widget\" data-e-type=\"widget\" data-widget_type=\"heading.default\">\n\t\t\t\t\t<h2 class=\"elementor-heading-title elementor-size-default\">Consultas por correo electr\u00f3nico, tel\u00e9fono o fax<\/h2>\t\t\t\t<\/div>\n\t\t\t\t<div class=\"elementor-element elementor-element-158d27c elementor-widget elementor-widget-text-editor\" data-id=\"158d27c\" data-element_type=\"widget\" data-e-type=\"widget\" data-widget_type=\"text-editor.default\">\n\t\t\t\t\t\t\t\t\t<p>Si se pone en contacto con nosotros por correo electr\u00f3nico, tel\u00e9fono o fax, su consulta, incluidos todos los datos personales resultantes (nombre, consulta), ser\u00e1 almacenada y procesada por nosotros con el fin de tramitar su solicitud. No transmitimos estos datos sin su consentimiento.<\/p><p>El tratamiento de estos datos se basa en el art. 6(1)(b) GDPR, siempre que su consulta est\u00e9 relacionada con la ejecuci\u00f3n de un contrato o sea necesaria para la aplicaci\u00f3n de medidas precontractuales. En todos los dem\u00e1s casos, el tratamiento se basa en su consentimiento (Art. 6(1)(a) GDPR) y\/o en nuestros intereses leg\u00edtimos (Art. 6(1)(f) GDPR), ya que tenemos un inter\u00e9s leg\u00edtimo en el tratamiento efectivo de las consultas que se nos dirigen.<\/p><p>Los datos que nos env\u00ede a trav\u00e9s de las consultas de contacto permanecer\u00e1n con nosotros hasta que nos solicite que los eliminemos, revoque su consentimiento para almacenarlos o deje de aplicarse la finalidad del almacenamiento de datos (por ejemplo, tras la finalizaci\u00f3n de su solicitud). Esto no afecta a las disposiciones legales obligatorias, en particular a los plazos de conservaci\u00f3n previstos por la legislaci\u00f3n.<\/p>\t\t\t\t\t\t\t\t<\/div>\n\t\t\t\t<div class=\"elementor-element elementor-element-44ea8e4 elementor-widget elementor-widget-heading\" data-id=\"44ea8e4\" data-element_type=\"widget\" data-e-type=\"widget\" data-widget_type=\"heading.default\">\n\t\t\t\t\t<h2 class=\"elementor-heading-title elementor-size-default\">4. Herramientas de an\u00e1lisis y publicidad<\/h2>\t\t\t\t<\/div>\n\t\t\t\t<div class=\"elementor-element elementor-element-e6e6e4a elementor-widget elementor-widget-heading\" data-id=\"e6e6e4a\" data-element_type=\"widget\" data-e-type=\"widget\" data-widget_type=\"heading.default\">\n\t\t\t\t\t<h2 class=\"elementor-heading-title elementor-size-default\">Paperturn<\/h2>\t\t\t\t<\/div>\n\t\t\t\t<div class=\"elementor-element elementor-element-f228a5f elementor-widget elementor-widget-text-editor\" data-id=\"f228a5f\" data-element_type=\"widget\" data-e-type=\"widget\" data-widget_type=\"text-editor.default\">\n\t\t\t\t\t\t\t\t\t<p>Este sitio web utiliza Paperturn, un servicio de creaci\u00f3n y presentaci\u00f3n de flipbooks digitales, para ofrecer contenidos interactivos como folletos, cat\u00e1logos o revistas en nuestro sitio web. Al utilizar Paperturn, es posible que se recopilen diversos datos, como direcciones IP, datos de uso (por ejemplo, tiempos de acceso y frecuencia con la que se visualiza un libro animado espec\u00edfico) y datos del dispositivo (por ejemplo, tipo y versi\u00f3n del navegador). Paperturn procesa los datos recopilados para analizar el uso de los libros animados y optimizar su funcionalidad. Paperturn tambi\u00e9n puede utilizar estos datos para proporcionarnos evaluaciones estad\u00edsticas. Para obtener m\u00e1s informaci\u00f3n sobre el procesamiento de datos por Paperturn y la pol\u00edtica de privacidad de Paperturn, visite: <a href=\"https:\/\/www.paperturn.com\/es\/portal-juridico\" target=\"_blank\" rel=\"noopener\">https:\/\/www.paperturn.com\/de\/rechtsportal\/dsgvo-und-paperturn<\/a> Tiene derecho a oponerse al procesamiento de datos por Paperturn. Encontrar\u00e1 m\u00e1s informaci\u00f3n sobre sus derechos en nuestra pol\u00edtica general de privacidad. Hemos celebrado un acuerdo de procesamiento de datos con Paperturn de conformidad con el Art. 28 GDPR para garantizar que Paperturn procese los datos en nuestro nombre y de conformidad con las normas de protecci\u00f3n de datos aplicables. La informaci\u00f3n recopilada por Paperturn puede transferirse a pa\u00edses fuera de la Uni\u00f3n Europea. Paperturn ha implementado las salvaguardas adecuadas para garantizar el cumplimiento del nivel europeo de protecci\u00f3n de datos.<\/p>\t\t\t\t\t\t\t\t<\/div>\n\t\t\t\t<div class=\"elementor-element elementor-element-4937a89 elementor-widget elementor-widget-heading\" data-id=\"4937a89\" data-element_type=\"widget\" data-e-type=\"widget\" data-widget_type=\"heading.default\">\n\t\t\t\t\t<h2 class=\"elementor-heading-title elementor-size-default\">Google Tag Manager<\/h2>\t\t\t\t<\/div>\n\t\t\t\t<div class=\"elementor-element elementor-element-6e2f645 elementor-widget elementor-widget-text-editor\" data-id=\"6e2f645\" data-element_type=\"widget\" data-e-type=\"widget\" data-widget_type=\"text-editor.default\">\n\t\t\t\t\t\t\t\t\tEste sitio web utiliza Google Tag Manager. Google Tag Manager es una soluci\u00f3n que nos permite gestionar etiquetas de sitios web a trav\u00e9s de una interfaz. El propio Google Tag Manager (que implementa las etiquetas) no trata datos personales de los usuarios. Con respecto al tratamiento de los datos personales de los usuarios, se remite a la siguiente informaci\u00f3n sobre Google Analytics 4.\t\t\t\t\t\t\t\t<\/div>\n\t\t\t\t<div class=\"elementor-element elementor-element-c3d9dd9 elementor-widget elementor-widget-heading\" data-id=\"c3d9dd9\" data-element_type=\"widget\" data-e-type=\"widget\" data-widget_type=\"heading.default\">\n\t\t\t\t\t<h2 class=\"elementor-heading-title elementor-size-default\">Google Analytics 4<\/h2>\t\t\t\t<\/div>\n\t\t\t\t<div class=\"elementor-element elementor-element-87c09a9 elementor-widget elementor-widget-text-editor\" data-id=\"87c09a9\" data-element_type=\"widget\" data-e-type=\"widget\" data-widget_type=\"text-editor.default\">\n\t\t\t\t\t\t\t\t\t<p>Este sitio web utiliza Google Analytics 4, un servicio anal\u00edtico de web prestado por Google LLC (\u00abGoogle\u00bb). El proveedor es Google Ireland Limited (\u00abGoogle\u00bb), Gordon House, Barrow Street, Dubl\u00edn 4, Irlanda. Google Analytics utiliza las denominadas \u00abcookies\u00bb. Se trata de archivos de texto que se almacenan en su ordenador y que permiten analizar el uso que usted hace del sitio web. La informaci\u00f3n que generan las cookies acerca de su uso de este sitio web se transmite generalmente a un servidor de Google en EE.UU. y se almacena all\u00ed.<\/p><p>El almacenamiento de cookies de Google Analytics y el uso de esta herramienta de an\u00e1lisis se basan en el Art. 6(1)(f) GDPR. El operador del sitio web tiene un inter\u00e9s leg\u00edtimo en analizar el comportamiento de los usuarios para optimizar tanto su oferta web como su publicidad.<\/p>\t\t\t\t\t\t\t\t<\/div>\n\t\t\t\t<div class=\"elementor-element elementor-element-9501146 elementor-widget elementor-widget-heading\" data-id=\"9501146\" data-element_type=\"widget\" data-e-type=\"widget\" data-widget_type=\"heading.default\">\n\t\t\t\t\t<h3 class=\"elementor-heading-title elementor-size-default\">Anonimizaci\u00f3n de IP<\/h3>\t\t\t\t<\/div>\n\t\t\t\t<div class=\"elementor-element elementor-element-2d134c9 elementor-widget elementor-widget-text-editor\" data-id=\"2d134c9\" data-element_type=\"widget\" data-e-type=\"widget\" data-widget_type=\"text-editor.default\">\n\t\t\t\t\t\t\t\t\tHemos activado la funci\u00f3n de anonimizaci\u00f3n de IP en este sitio web. Esto significa que su direcci\u00f3n IP ser\u00e1 truncada por Google dentro de los estados miembros de la Uni\u00f3n Europea u otras partes del Acuerdo sobre el Espacio Econ\u00f3mico Europeo antes de ser transmitida a los EE.UU.. S\u00f3lo en casos excepcionales se enviar\u00e1 la direcci\u00f3n IP completa a un servidor de Google en EE.UU. y se truncar\u00e1 all\u00ed. En nombre del operador de este sitio web, Google usar\u00e1 esta informaci\u00f3n para evaluar su uso del sitio web, recopilar informes sobre la actividad del sitio web y prestar otros servicios relacionados con el uso del sitio web y el uso de internet al operador del sitio web. La direcci\u00f3n IP transmitida por su navegador como parte de Google Analytics 4 no se fusionar\u00e1 con otros datos de Google.\t\t\t\t\t\t\t\t<\/div>\n\t\t\t\t<div class=\"elementor-element elementor-element-47af6b7 elementor-widget elementor-widget-heading\" data-id=\"47af6b7\" data-element_type=\"widget\" data-e-type=\"widget\" data-widget_type=\"heading.default\">\n\t\t\t\t\t<h3 class=\"elementor-heading-title elementor-size-default\">Plugin del navegador<\/h3>\t\t\t\t<\/div>\n\t\t\t\t<div class=\"elementor-element elementor-element-ee37cad elementor-widget elementor-widget-text-editor\" data-id=\"ee37cad\" data-element_type=\"widget\" data-e-type=\"widget\" data-widget_type=\"text-editor.default\">\n\t\t\t\t\t\t\t\t\t<p>Puede evitar el almacenamiento de cookies ajustando la configuraci\u00f3n del software de su navegador en consecuencia; sin embargo, tenga en cuenta que si lo hace, es posible que no pueda utilizar todas las funciones de este sitio web en toda su extensi\u00f3n. Tambi\u00e9n puede evitar que Google recopile y procese los datos generados por las cookies relacionados con su uso del sitio web (incluida su direcci\u00f3n IP) descargando e instalando el complemento del navegador disponible en el siguiente enlace: <a href=\"https:\/\/tools.google.com\/dlpage\/gaoptout?hl=es\" target=\"_blank\" rel=\"noopener\">https:\/\/tools.google.com\/dlpage\/gaoptout?hl=es<\/a>\u00a0<\/p>\t\t\t\t\t\t\t\t<\/div>\n\t\t\t\t<div class=\"elementor-element elementor-element-73205c1 elementor-widget elementor-widget-heading\" data-id=\"73205c1\" data-element_type=\"widget\" data-e-type=\"widget\" data-widget_type=\"heading.default\">\n\t\t\t\t\t<h3 class=\"elementor-heading-title elementor-size-default\">Oposici\u00f3n a la recogida de datos<\/h3>\t\t\t\t<\/div>\n\t\t\t\t<div class=\"elementor-element elementor-element-b4c62f7 elementor-widget elementor-widget-text-editor\" data-id=\"b4c62f7\" data-element_type=\"widget\" data-e-type=\"widget\" data-widget_type=\"text-editor.default\">\n\t\t\t\t\t\t\t\t\t<p>Puede evitar que Google Analytics recopile sus datos haciendo clic en el siguiente enlace. Se instalar\u00e1 una cookie de inhabilitaci\u00f3n para impedir la recopilaci\u00f3n de sus datos en futuras visitas a este sitio web: <a href=\"https:\/\/tools.google.com\/dlpage\/gaoptout?hl=es\" target=\"_blank\" rel=\"noopener\">Inhabilitar Google Analytics 4<\/a>.<br \/>Para obtener m\u00e1s informaci\u00f3n sobre c\u00f3mo Google Analytics 4 trata los datos de los usuarios, consulte la pol\u00edtica de privacidad de Google: <a href=\"https:\/\/support.google.com\/analytics\/answer\/6004245?hl=es&amp;sjid=1852779285267447971-EU\" target=\"_blank\" rel=\"noopener\">https:\/\/support.google.com\/analytics\/answer\/6004245?hl=en<\/a>.<\/p>\t\t\t\t\t\t\t\t<\/div>\n\t\t\t\t<div class=\"elementor-element elementor-element-fc4503a elementor-widget elementor-widget-heading\" data-id=\"fc4503a\" data-element_type=\"widget\" data-e-type=\"widget\" data-widget_type=\"heading.default\">\n\t\t\t\t\t<h3 class=\"elementor-heading-title elementor-size-default\">Tratamiento de datos<\/h3>\t\t\t\t<\/div>\n\t\t\t\t<div class=\"elementor-element elementor-element-23f6037 elementor-widget elementor-widget-text-editor\" data-id=\"23f6037\" data-element_type=\"widget\" data-e-type=\"widget\" data-widget_type=\"text-editor.default\">\n\t\t\t\t\t\t\t\t\tHemos firmado un acuerdo de procesamiento de datos con Google de conformidad con el Art. 28 del GDPR y aplicamos plenamente los estrictos requisitos de las autoridades alemanas de protecci\u00f3n de datos al utilizar Google Analytics 4.\t\t\t\t\t\t\t\t<\/div>\n\t\t\t\t<div class=\"elementor-element elementor-element-db236c4 elementor-widget elementor-widget-heading\" data-id=\"db236c4\" data-element_type=\"widget\" data-e-type=\"widget\" data-widget_type=\"heading.default\">\n\t\t\t\t\t<h3 class=\"elementor-heading-title elementor-size-default\">Funciones demogr\u00e1ficas con Google Analytics 4<\/h3>\t\t\t\t<\/div>\n\t\t\t\t<div class=\"elementor-element elementor-element-395c299 elementor-widget elementor-widget-text-editor\" data-id=\"395c299\" data-element_type=\"widget\" data-e-type=\"widget\" data-widget_type=\"text-editor.default\">\n\t\t\t\t\t\t\t\t\tEste sitio web utiliza las \u00abfunciones demogr\u00e1ficas\u00bb de Google Analytics 4. Esto permite generar informes con informaci\u00f3n sobre la edad, el sexo y los intereses de los visitantes del sitio web. Estos datos proceden de la publicidad basada en intereses de Google y de datos de visitantes de terceros proveedores. Estos datos no pueden atribuirse a ninguna persona en concreto. Puede inhabilitar esta funci\u00f3n en cualquier momento a trav\u00e9s de la configuraci\u00f3n de anuncios de su cuenta de Google o, en general, impedir que Google Analytics recopile sus datos tal y como se describe en la secci\u00f3n \u00ab Oposici\u00f3n a la recogida de datos\u00bb.\t\t\t\t\t\t\t\t<\/div>\n\t\t\t\t<div class=\"elementor-element elementor-element-b3a485a elementor-widget elementor-widget-heading\" data-id=\"b3a485a\" data-element_type=\"widget\" data-e-type=\"widget\" data-widget_type=\"heading.default\">\n\t\t\t\t\t<h3 class=\"elementor-heading-title elementor-size-default\">Conservaci\u00f3n de datos<\/h3>\t\t\t\t<\/div>\n\t\t\t\t<div class=\"elementor-element elementor-element-2853c73 elementor-widget elementor-widget-text-editor\" data-id=\"2853c73\" data-element_type=\"widget\" data-e-type=\"widget\" data-widget_type=\"text-editor.default\">\n\t\t\t\t\t\t\t\t\t<p>Los datos almacenados por Google a nivel de usuario y de evento vinculados a cookies, identificadores de usuario (por ejemplo, ID de usuario) o ID de publicidad (por ejemplo, cookies de DoubleClick, ID de publicidad de Android) se anonimizar\u00e1n o eliminar\u00e1n transcurridos 14 meses. Para m\u00e1s detalles, visite el siguiente enlace: <a href=\"https:\/\/support.google.com\/analytics\/answer\/7667196?hl=es&amp;sjid=1852779285267447971-EU\" target=\"_blank\" rel=\"noopener\" data-wplink-edit=\"true\">https:\/\/support.google.com\/analytics\/answer\/7667196?hl=en<\/a>.<\/p>\t\t\t\t\t\t\t\t<\/div>\n\t\t\t\t\t<\/div>\n\t\t\t\t<\/div>\n\t\t<div class=\"elementor-element elementor-element-8eadafa e-flex e-con-boxed e-con e-parent\" data-id=\"8eadafa\" data-element_type=\"container\" data-e-type=\"container\" data-settings=\"{&quot;_is_slider_enabled&quot;:&quot;no&quot;}\">\n\t\t\t\t\t<div class=\"e-con-inner\">\n\t\t\t\t<div class=\"elementor-element elementor-element-66b50a6 elementor-widget elementor-widget-heading\" data-id=\"66b50a6\" data-element_type=\"widget\" data-e-type=\"widget\" data-widget_type=\"heading.default\">\n\t\t\t\t\t<h2 class=\"elementor-heading-title elementor-size-default\">5. Plugins y herramientas<\/h2>\t\t\t\t<\/div>\n\t\t\t\t<div class=\"elementor-element elementor-element-36246a7 elementor-widget elementor-widget-heading\" data-id=\"36246a7\" data-element_type=\"widget\" data-e-type=\"widget\" data-widget_type=\"heading.default\">\n\t\t\t\t\t<h2 class=\"elementor-heading-title elementor-size-default\">CaptchaFox<\/h2>\t\t\t\t<\/div>\n\t\t\t\t<div class=\"elementor-element elementor-element-dd86c11 elementor-widget elementor-widget-text-editor\" data-id=\"dd86c11\" data-element_type=\"widget\" data-e-type=\"widget\" data-widget_type=\"text-editor.default\">\n\t\t\t\t\t\t\t\t\t<p>Utilizamos el servicio CaptchaFox. Este servicio lo ofrece el proveedor Scoria Labs GmbH (Agnes-Bernauer-Str. 151, 80687 M\u00fanich). El almacenamiento y an\u00e1lisis de los datos se basa en el Art. 6 Para. 1 lit. f GDPR. El operador del sitio web tiene un inter\u00e9s leg\u00edtimo en proteger su oferta web contra el espionaje automatizado abusivo y el SPAM. CaptchaFox es una soluci\u00f3n de protecci\u00f3n novedosa y respetuosa con la privacidad para dificultar el uso de este sitio web por parte de programas y scripts automatizados (los llamados \u00abbots\u00bb). En este contexto, hemos integrado un c\u00f3digo de programa de CaptchaFox en nuestro sitio web para que el dispositivo del visitante pueda establecer una conexi\u00f3n con los servidores de CaptchaFox a fin de recibir una tarea de c\u00e1lculo o similar de CaptchaFox. El dispositivo del visitante resuelve la tarea de c\u00e1lculo (puzzle), que requiere ciertos recursos del sistema, y env\u00eda el resultado del c\u00e1lculo a nuestro servidor web. Este servidor web se pone en contacto con el servidor CaptchaFox a trav\u00e9s de una interfaz y recibe una respuesta sobre si el rompecabezas fue resuelto correctamente por el dispositivo final. En funci\u00f3n del resultado, podemos a\u00f1adir reglas de seguridad a las solicitudes a trav\u00e9s de nuestro sitio web y, por ejemplo, seguir proces\u00e1ndolas o rechazarlas.<\/p><p>CaptchaFox procesa y almacena los siguientes datos en el proceso descrito anteriormente: direcci\u00f3n IP anonimizada del ordenador solicitante; informaci\u00f3n sobre el navegador utilizado y el sistema operativo; contadores anonimizados por direcci\u00f3n IP para controlar las tareas criptogr\u00e1ficas; sitio web desde el que se produjo el acceso; la versi\u00f3n del widget; una marca de tiempo.<\/p><p>Estos datos se utilizan exclusivamente para la protecci\u00f3n contra spam y bots descrita anteriormente. CaptchaFox no instala ni lee cookies en el dispositivo del visitante. Las direcciones IP s\u00f3lo se almacenan en formato hash (cifrado unidireccional) y no nos permiten a nosotros ni a CaptchaFox identificar a una persona. Si se recopilan datos personales, se eliminar\u00e1n como muy tarde al cabo de 30 d\u00edas.<\/p><p>Encontrar\u00e1 m\u00e1s informaci\u00f3n sobre la protecci\u00f3n de datos al utilizar CaptchaFox en: <a href=\"https:\/\/captchafox.com\/legal\/privacy-policy-end-user#\" target=\"_blank\" rel=\"noopener\">https:\/\/captchafox.com\/legal\/privacy-policy-end-user<\/a><\/p>\t\t\t\t\t\t\t\t<\/div>\n\t\t\t\t<div class=\"elementor-element elementor-element-632a48b elementor-widget elementor-widget-heading\" data-id=\"632a48b\" data-element_type=\"widget\" data-e-type=\"widget\" data-widget_type=\"heading.default\">\n\t\t\t\t\t<h2 class=\"elementor-heading-title elementor-size-default\">Rocket-CDN<\/h2>\t\t\t\t<\/div>\n\t\t\t\t<div class=\"elementor-element elementor-element-ddf7386 elementor-widget elementor-widget-text-editor\" data-id=\"ddf7386\" data-element_type=\"widget\" data-e-type=\"widget\" data-widget_type=\"text-editor.default\">\n\t\t\t\t\t\t\t\t\t<p>Utilizamos el servicio RocketCDN del proveedor WP MEDIA, 47 Rue Duquesne, 69006 &#8211; Lyon, Francia (en adelante RocketCDN).<\/p><p>RocketCDN ofrece una red de distribuci\u00f3n de contenidos distribuida globalmente con DNS. T\u00e9cnicamente, la transferencia de informaci\u00f3n entre su navegador y nuestros sitios web se realiza a trav\u00e9s de la red RocketCDN. Esto permite a RocketCDN analizar el tr\u00e1fico de datos entre su navegador y nuestro sitio web y actuar como filtro entre nuestros servidores y el tr\u00e1fico de datos potencialmente malicioso procedente de Internet. RocketCDN tambi\u00e9n puede utilizar cookies para este fin, pero \u00e9stas se utilizan \u00fanicamente para el prop\u00f3sito aqu\u00ed descrito.<\/p><p>El uso de Rocket-CDN se basa en nuestro inter\u00e9s leg\u00edtimo en ofrecer nuestro sitio web lo m\u00e1s libre de errores y seguro posible (Art. 6 (1) (f) GDPR).<\/p><p>Puede encontrar m\u00e1s informaci\u00f3n sobre seguridad y protecci\u00f3n de datos en RocketCDN <a href=\"https:\/\/docs.wp-rocket.me\/article\/1307-rocketcdn?adb_sid=c2c3f456-541d-4407-87bd-67ae786875a6\" target=\"_blank\" rel=\"noopener\">aqu\u00ed<\/a>.<\/p>\t\t\t\t\t\t\t\t<\/div>\n\t\t\t\t<div class=\"elementor-element elementor-element-57c735a elementor-widget elementor-widget-heading\" data-id=\"57c735a\" data-element_type=\"widget\" data-e-type=\"widget\" data-widget_type=\"heading.default\">\n\t\t\t\t\t<h2 class=\"elementor-heading-title elementor-size-default\">YouTube<\/h2>\t\t\t\t<\/div>\n\t\t\t\t<div class=\"elementor-element elementor-element-2787688 elementor-widget elementor-widget-text-editor\" data-id=\"2787688\" data-element_type=\"widget\" data-e-type=\"widget\" data-widget_type=\"text-editor.default\">\n\t\t\t\t\t\t\t\t\t<p>Nuestro sitio web utiliza plugins del sitio YouTube operado por Google. El operador de las p\u00e1ginas es Google Ireland Limited (\u00abGoogle\u00bb), Gordon House, Barrow Street, Dubl\u00edn 4, Irlanda. Cuando visita una de nuestras p\u00e1ginas equipada con un plugin de YouTube, se establece una conexi\u00f3n con los servidores de YouTube. Esto informa al servidor de YouTube sobre cu\u00e1l de nuestras p\u00e1ginas ha visitado.<\/p><p>Adem\u00e1s, YouTube puede almacenar varias cookies en su dispositivo. Con la ayuda de estas cookies, YouTube puede recibir informaci\u00f3n sobre los visitantes de nuestro sitio web. Esta informaci\u00f3n se utiliza, entre otras cosas, para recopilar estad\u00edsticas de v\u00eddeo, mejorar la facilidad de uso y evitar intentos de fraude. Las cookies permanecen en su dispositivo hasta que usted las borra. Si ha iniciado sesi\u00f3n en su cuenta de YouTube, permite que YouTube asocie directamente su comportamiento de navegaci\u00f3n con su perfil personal. Puede evitarlo cerrando la sesi\u00f3n de su cuenta de YouTube. El uso de YouTube es en inter\u00e9s de una presentaci\u00f3n atractiva de nuestras ofertas en l\u00ednea.<br \/>Esto constituye un inter\u00e9s leg\u00edtimo en el sentido del Art. 6(1)(f) GDPR. Para m\u00e1s informaci\u00f3n sobre c\u00f3mo se tratan los datos de los usuarios, consulte la pol\u00edtica de privacidad de YouTube en: <a href=\"https:\/\/policies.google.com\/privacy?hl=es\" target=\"_blank\" rel=\"noopener\">https:\/\/policies.google.com\/privacy?hl=en<\/a>.<\/p>\t\t\t\t\t\t\t\t<\/div>\n\t\t\t\t<div class=\"elementor-element elementor-element-8002944 elementor-widget elementor-widget-heading\" data-id=\"8002944\" data-element_type=\"widget\" data-e-type=\"widget\" data-widget_type=\"heading.default\">\n\t\t\t\t\t<h2 class=\"elementor-heading-title elementor-size-default\">6. Redes sociales<\/h2>\t\t\t\t<\/div>\n\t\t\t\t<div class=\"elementor-element elementor-element-83347ab elementor-widget elementor-widget-heading\" data-id=\"83347ab\" data-element_type=\"widget\" data-e-type=\"widget\" data-widget_type=\"heading.default\">\n\t\t\t\t\t<h2 class=\"elementor-heading-title elementor-size-default\">Facebook<\/h2>\t\t\t\t<\/div>\n\t\t\t\t<div class=\"elementor-element elementor-element-1518774 elementor-widget elementor-widget-text-editor\" data-id=\"1518774\" data-element_type=\"widget\" data-e-type=\"widget\" data-widget_type=\"text-editor.default\">\n\t\t\t\t\t\t\t\t\t<p>En este sitio web pueden integrarse elementos de la red social Facebook. El proveedor de este servicio es Meta Platforms Ireland Limited, Merrion Road, Dubl\u00edn 4, D04 X2K5, Irlanda. Sin embargo, seg\u00fan Facebook, los datos recogidos tambi\u00e9n se transfieren a EE.UU. y a otros terceros pa\u00edses. Puede encontrar una visi\u00f3n general de los elementos de las redes sociales de Facebook aqu\u00ed:<br \/><a href=\"https:\/\/developers.facebook.com\/docs\/plugins\/?locale=es_ES\" target=\"_blank\" rel=\"noopener\">https:\/\/developers.facebook.com\/docs\/plugins\/?locale=es_ES<\/a>.<\/p><p>Cuando el elemento de medios sociales est\u00e1 activo, se establece una conexi\u00f3n directa entre su dispositivo final y el servidor de Facebook. Facebook recibe la informaci\u00f3n de que usted ha visitado este sitio web con su direcci\u00f3n IP. Si hace clic en el bot\u00f3n \u00abMe gusta\u00bb de Facebook mientras est\u00e1 conectado a su cuenta de Facebook, puede vincular el contenido de este sitio web a su perfil de Facebook.<br \/>Esto permite a Facebook asociar su visita a este sitio web con su cuenta de usuario. Nos gustar\u00eda se\u00f1alar que, como proveedores de las p\u00e1ginas, no tenemos conocimiento del contenido de los datos transmitidos ni de su uso por parte de Facebook. Encontrar\u00e1 m\u00e1s informaci\u00f3n al respecto en la pol\u00edtica de privacidad de Facebook en <a href=\"https:\/\/de-de.facebook.com\/privacy\/explanation\" target=\"_blank\" rel=\"noopener\">https:\/\/de-de.facebook.com\/privacy\/explanation<\/a>.<\/p><p>El uso de este servicio se basa en su consentimiento de conformidad con el art\u00edculo 6, apartado 1, letra a) del GDPR y el art\u00edculo 25, apartado 1 de la TDDDG. El consentimiento puede revocarse en cualquier momento.<\/p><p>En la medida en que en nuestro sitio web se recopilen datos personales con ayuda de la herramienta aqu\u00ed descrita y se transmitan a Facebook, nosotros y Meta Platforms Ireland Limited, 4 Grand Canal Square, Grand Canal Harbour, Dubl\u00edn 2, Irlanda, somos responsables conjuntos de este tratamiento de datos (art. 26 GDPR). La responsabilidad conjunta se limita exclusivamente a la recogida de los datos y su transmisi\u00f3n a Facebook. El tratamiento realizado por Facebook despu\u00e9s de la transmisi\u00f3n no forma parte de la responsabilidad conjunta. Las obligaciones que nos incumben conjuntamente se han establecido en un acuerdo sobre el tratamiento conjunto. El texto del acuerdo puede consultarse en: <a href=\"https:\/\/www.facebook.com\/legal\/controller_addendum\" target=\"_blank\" rel=\"noopener\">https:\/\/www.facebook.com\/legal\/controller_addendum<\/a>.<\/p><p>Seg\u00fan este acuerdo, somos responsables de proporcionar la informaci\u00f3n sobre protecci\u00f3n de datos al utilizar la herramienta de Facebook y de la implementaci\u00f3n segura de la herramienta en nuestro sitio web de conformidad con la ley de protecci\u00f3n de datos. Facebook es responsable de la seguridad de los datos de los productos de Facebook. Puede hacer valer los derechos de los interesados (por ejemplo, solicitudes de informaci\u00f3n) en relaci\u00f3n con los datos procesados por Facebook directamente con Facebook. Si hace valer sus derechos ante nosotros, estamos obligados a transmitirlos a Facebook.<\/p><p>La transferencia de datos a EE.UU. se basa en las cl\u00e1usulas contractuales tipo de la Comisi\u00f3n Europea. Encontrar\u00e1 m\u00e1s detalles aqu\u00ed:<br \/><a href=\"https:\/\/www.facebook.com\/legal\/EU_data_transfer_addendum\" target=\"_blank\" rel=\"noopener\">https:\/\/www.facebook.com\/legal\/EU_data_transfer_addendum<\/a>,\u00a0<span style=\"color: var( --e-global-color-text ); font-family: var( --e-global-typography-primary-font-family ), Sans-serif; font-size: var( --e-global-typography-primary-font-size ); font-weight: var( --e-global-typography-primary-font-weight ); text-align: var(--text-align);\"><a href=\"https:\/\/de-de.facebook.com\/help\/566994660333381\" target=\"_blank\" rel=\"noopener\">https:\/\/de-de.facebook.com\/help\/566994660333381<\/a> y<\/span><\/p><p><a href=\"https:\/\/www.facebook.com\/policy.php\" target=\"_blank\" rel=\"noopener\">https:\/\/www.facebook.com\/policy.php<\/a>.<\/p><p>La empresa est\u00e1 certificada de conformidad con el \u00abMarco de Privacidad de Datos UE-EE.UU.\u00bb (DPF). El DPF es un acuerdo entre la Uni\u00f3n Europea y EE.UU. cuyo objetivo es garantizar el cumplimiento de las normas europeas de protecci\u00f3n de datos en el tratamiento de datos en EE.UU.. Toda empresa certificada conforme al DPF se compromete a cumplir estas normas de protecci\u00f3n de datos. Puede obtener m\u00e1s informaci\u00f3n al respecto en el siguiente enlace: <a href=\"https:\/\/www.dataprivacyframework.gov\/s\/participant-search\/participantdetail?contact=true&amp;id=a2zt0000000GnywAAC&amp;status=Active\" target=\"_blank\" rel=\"noopener\">https:\/\/www.dataprivacyframework.gov\/s\/participant-search\/participantdetail?contact=true&amp;id=a2zt0000000GnywAAC&amp;status=Active<\/a>.<\/p>\t\t\t\t\t\t\t\t<\/div>\n\t\t\t\t<div class=\"elementor-element elementor-element-8e3fd9f elementor-widget elementor-widget-heading\" data-id=\"8e3fd9f\" data-element_type=\"widget\" data-e-type=\"widget\" data-widget_type=\"heading.default\">\n\t\t\t\t\t<h2 class=\"elementor-heading-title elementor-size-default\">Instagram<\/h2>\t\t\t\t<\/div>\n\t\t\t\t<div class=\"elementor-element elementor-element-1a5539a elementor-widget elementor-widget-text-editor\" data-id=\"1a5539a\" data-element_type=\"widget\" data-e-type=\"widget\" data-widget_type=\"text-editor.default\">\n\t\t\t\t\t\t\t\t\t<p>En este sitio web pueden integrarse funciones del servicio Instagram. Estas funciones son ofrecidas por Meta Platforms Ireland Limited, Merrion Road, Dubl\u00edn 4, D04 X2K5, Irlanda.<\/p><p>Cuando el elemento de redes sociales est\u00e1 activo, se establece una conexi\u00f3n directa entre su dispositivo y el servidor de Instagram. De este modo, Instagram recibe informaci\u00f3n sobre su visita a este sitio web.<br \/>por usted.<\/p><p>Si ha iniciado sesi\u00f3n en su cuenta de Instagram, puede vincular el contenido de este sitio web a su perfil de Instagram haciendo clic en el bot\u00f3n de Instagram. Esto permite a Instagram asociar su visita a este sitio web con su cuenta de usuario. Nos gustar\u00eda se\u00f1alar que, como proveedor de las p\u00e1ginas, no tenemos conocimiento del contenido de los datos transmitidos ni de su uso por parte de Instagram.<\/p><p>El uso de este servicio se basa en su consentimiento de conformidad con el art. 6 p\u00e1rr. 1 lit. a GDPR y \u00a725 p\u00e1rr. 1 TDDDG. El consentimiento puede revocarse en cualquier momento.<\/p><p>En la medida en que en nuestro sitio web se recopilen datos personales mediante la herramienta aqu\u00ed descrita y se transmitan a Facebook o Instagram, nosotros y Meta Platforms Ireland Limited, 4 Grand Canal Square, Grand Canal Harbour, Dubl\u00edn 2, Irlanda, somos corresponsables de este tratamiento de datos (art. 26 GDPR). La responsabilidad conjunta se limita exclusivamente a la recogida de los datos y su transferencia a Facebook o Instagram. El tratamiento realizado por Facebook o Instagram tras la transmisi\u00f3n no forma parte de la responsabilidad conjunta. Las obligaciones que nos incumben conjuntamente se establecieron en un acuerdo sobre el tratamiento conjunto.<br \/>acuerdo de procesamiento. Puede consultar el texto del acuerdo en: <a href=\"https:\/\/www.facebook.com\/legal\/controller_addendum\" target=\"_blank\" rel=\"noopener\">https:\/\/www.facebook.com\/legal\/controller_addendum<\/a>. Seg\u00fan este acuerdo, somos responsables de proporcionar la informaci\u00f3n sobre protecci\u00f3n de datos al utilizar la herramienta de Facebook o Instagram y de la implementaci\u00f3n segura de la herramienta en nuestro sitio web de conformidad con la ley de protecci\u00f3n de datos. Facebook es responsable de la seguridad de los datos de los productos de Facebook e Instagram. Puede hacer valer los derechos de los interesados (por ejemplo, solicitudes de informaci\u00f3n) en relaci\u00f3n con los datos procesados por Facebook o Instagram directamente con Facebook. Si hace valer sus derechos ante nosotros, estamos obligados a transmitirlos a Facebook. La transferencia de datos a los EE.UU. se basa en las cl\u00e1usulas contractuales tipo de la Comisi\u00f3n Europea.<\/p><p>Los detalles pueden encontrarse aqu\u00ed:<br \/><a href=\"https:\/\/www.facebook.com\/legal\/EU_data_transfer_addendum\" target=\"_blank\" rel=\"noopener\">https:\/\/www.facebook.com\/legal\/EU_data_transfer_addendum<\/a>,<br \/><a href=\"https:\/\/privacycenter.instagram.com\/policy\/\" target=\"_blank\" rel=\"noopener\">https:\/\/privacycenter.instagram.com\/policy\/<\/a> y<br \/><a href=\"https:\/\/de-de.facebook.com\/help\/566994660333381\" target=\"_blank\" rel=\"noopener\">https:\/\/de-de.facebook.com\/help\/566994660333381<\/a>.<\/p><p>Encontrar\u00e1 m\u00e1s informaci\u00f3n en la pol\u00edtica de privacidad de Instagram: <a href=\"https:\/\/privacycenter.instagram.com\/policy\/\" target=\"_blank\" rel=\"noopener\">https:\/\/privacycenter.instagram.com\/policy\/<\/a>.<\/p><p>La empresa est\u00e1 certificada seg\u00fan el \u00abMarco de Privacidad de Datos UE-EE.UU.\u00bb (DPF). El DPF es un acuerdo entre la Uni\u00f3n Europea y los EE.UU., que tiene por objeto garantizar el cumplimiento de las normas europeas de protecci\u00f3n de datos para el tratamiento de datos en los EE.UU.. Toda empresa certificada conforme al DPF se compromete a cumplir estas normas de protecci\u00f3n de datos. Puede obtener m\u00e1s informaci\u00f3n al respecto en el siguiente enlace:<\/p><p><a href=\"https:\/\/www.dataprivacyframework.gov\/s\/participant-search\/participantdetail?%20contact=true&amp;id=a2zt0000000GnywAAC&amp;status=Active\" target=\"_blank\" rel=\"noopener\">https:\/\/www.dataprivacyframework.gov\/s\/participant-search\/participantdetail? contact=true&amp;id=a2zt0000000GnywAAC&amp;status=Active<\/a>.<\/p>\t\t\t\t\t\t\t\t<\/div>\n\t\t\t\t<div class=\"elementor-element elementor-element-cceebc1 elementor-widget elementor-widget-heading\" data-id=\"cceebc1\" data-element_type=\"widget\" data-e-type=\"widget\" data-widget_type=\"heading.default\">\n\t\t\t\t\t<h2 class=\"elementor-heading-title elementor-size-default\">LinkedIn<\/h2>\t\t\t\t<\/div>\n\t\t\t\t<div class=\"elementor-element elementor-element-625ca00 elementor-widget elementor-widget-text-editor\" data-id=\"625ca00\" data-element_type=\"widget\" data-e-type=\"widget\" data-widget_type=\"text-editor.default\">\n\t\t\t\t\t\t\t\t\t<p>Este sitio web puede utilizar elementos de la red LinkedIn. El proveedor es LinkedIn Ireland Unlimited Company, Wilton Plaza, Wilton Place, Dubl\u00edn 2, Irlanda.<\/p><p>Cada vez que accede a una p\u00e1gina de este sitio web que contiene elementos de LinkedIn, se establece una conexi\u00f3n con los servidores de LinkedIn. Se informa a LinkedIn de que ha visitado este sitio web con su direcci\u00f3n IP. Si hace clic en el bot\u00f3n \u00abRecomendar\u00bb de LinkedIn y ha iniciado sesi\u00f3n en su cuenta de LinkedIn, LinkedIn podr\u00e1 asociar su visita a este sitio web con usted y su cuenta de usuario. Nos gustar\u00eda se\u00f1alar que, como proveedor de las p\u00e1ginas, no tenemos conocimiento del contenido de los datos transmitidos ni de su uso por parte de LinkedIn.<\/p><p>El uso de este servicio se basa en su consentimiento de conformidad con el art. 6 p\u00e1rr. 1 lit. a GDPR y \u00a725 p\u00e1rr. 1 TDDDG. El consentimiento puede revocarse en cualquier momento.<\/p><p>La transferencia de datos a EE.UU. se basa en las cl\u00e1usulas contractuales tipo de la Comisi\u00f3n Europea. Encontrar\u00e1 m\u00e1s detalles aqu\u00ed:<br \/><a href=\"https:\/\/www.linkedin.com\/help\/linkedin\/answer\/a1343190\/datenubertragung-aus-der-eu-dem-ewr-und-der-schweiz?lang=es-ES\" target=\"_blank\" rel=\"noopener\">https:\/\/www.linkedin.com\/help\/linkedin\/answer\/a1343190\/datenubertragung-aus-der-eu-dem-ewr-und-der-schweiz?lang=es-ES\u00a0<\/a><br \/>Encontrar\u00e1 m\u00e1s informaci\u00f3n al respecto en la pol\u00edtica de privacidad de LinkedIn en: <a href=\"https:\/\/www.linkedin.com\/legal\/privacy-policy\" target=\"_blank\" rel=\"noopener\">https:\/\/www.linkedin.com\/legal\/privacy-policy<\/a>.<\/p><p>La empresa est\u00e1 certificada de acuerdo con el \u00abMarco de Privacidad de Datos UE-EE.UU.\u00bb (DPF). El DPF es un acuerdo entre la Uni\u00f3n Europea y los EE.UU., que tiene por objeto garantizar el cumplimiento de las normas europeas de protecci\u00f3n de datos para el tratamiento de datos en los EE.UU.. Toda empresa certificada conforme al DPF se compromete a cumplir estas normas de protecci\u00f3n de datos. Puede obtener m\u00e1s informaci\u00f3n al respecto en el siguiente enlace: <a href=\"https:\/\/www.dataprivacyframework.gov\/participant\/5448\" target=\"_blank\" rel=\"noopener\">https:\/\/www.dataprivacyframework.gov\/participant\/5448<\/a>.<\/p>\t\t\t\t\t\t\t\t<\/div>\n\t\t\t\t<div class=\"elementor-element elementor-element-32775f5 elementor-widget elementor-widget-heading\" data-id=\"32775f5\" data-element_type=\"widget\" data-e-type=\"widget\" data-widget_type=\"heading.default\">\n\t\t\t\t\t<h2 class=\"elementor-heading-title elementor-size-default\">7. Informaci\u00f3n sobre privacidad en el \u00e1mbito de la farmacovigilancia<\/h2>\t\t\t\t<\/div>\n\t\t\t\t<div class=\"elementor-element elementor-element-1936fa0 elementor-widget elementor-widget-text-editor\" data-id=\"1936fa0\" data-element_type=\"widget\" data-e-type=\"widget\" data-widget_type=\"text-editor.default\">\n\t\t\t\t\t\t\t\t\tA continuaci\u00f3n le explicamos el tratamiento de datos que realiza Denk Pharma GmbH &#038; Co. KG cuando usted nos notifica una reacci\u00f3n adversa a un medicamento (efecto secundario).\t\t\t\t\t\t\t\t<\/div>\n\t\t\t\t<div class=\"elementor-element elementor-element-52d8462 elementor-widget elementor-widget-heading\" data-id=\"52d8462\" data-element_type=\"widget\" data-e-type=\"widget\" data-widget_type=\"heading.default\">\n\t\t\t\t\t<h2 class=\"elementor-heading-title elementor-size-default\">Finalidad de la recogida de datos<\/h2>\t\t\t\t<\/div>\n\t\t\t\t<div class=\"elementor-element elementor-element-9a4fb90 elementor-widget elementor-widget-text-editor\" data-id=\"9a4fb90\" data-element_type=\"widget\" data-e-type=\"widget\" data-widget_type=\"text-editor.default\">\n\t\t\t\t\t\t\t\t\tLas notificaciones de reacciones adversas a medicamentos son de gran importancia para la salud p\u00fablica y ayudan a la detecci\u00f3n, evaluaci\u00f3n, comprensi\u00f3n y prevenci\u00f3n de reacciones adversas a medicamentos u otros problemas relacionados con los medicamentos. Al notificar reacciones adversas a medicamentos, usted puede contribuir a recopilar y proporcionar m\u00e1s informaci\u00f3n sobre la seguridad de un medicamento. Por ello, Denk Pharma GmbH &#038; Co. KG agradece todas las notificaciones relativas a nuestros productos. Denk Pharma GmbH &#038; Co. KG recoge datos sobre notificaciones de reacciones adversas a medicamentos u otra informaci\u00f3n relevante para la farmacovigilancia de un producto, de acuerdo con los requisitos legales de la Uni\u00f3n Europea o del respectivo pa\u00eds de origen de la notificaci\u00f3n. La base jur\u00eddica para la recogida de estos datos es el art\u00edculo 6, apartado 1, letra c), del Reglamento general de protecci\u00f3n de datos de la UE (RGPD de la UE). Para las transferencias fuera de la UE, siguen siendo de aplicaci\u00f3n el art\u00edculo 6, apartado 1, letra f), y el art\u00edculo 49, apartado 1, letra e), del RGPD de la UE.\t\t\t\t\t\t\t\t<\/div>\n\t\t\t\t<div class=\"elementor-element elementor-element-fa43b05 elementor-widget elementor-widget-heading\" data-id=\"fa43b05\" data-element_type=\"widget\" data-e-type=\"widget\" data-widget_type=\"heading.default\">\n\t\t\t\t\t<h3 class=\"elementor-heading-title elementor-size-default\">\u00bfQu\u00e9 informaci\u00f3n recogemos?<\/h3>\t\t\t\t<\/div>\n\t\t\t\t<div class=\"elementor-element elementor-element-2127034 elementor-widget elementor-widget-text-editor\" data-id=\"2127034\" data-element_type=\"widget\" data-e-type=\"widget\" data-widget_type=\"text-editor.default\">\n\t\t\t\t\t\t\t\t\t<p>Los siguientes datos personales se recogen voluntariamente de los pacientes:<\/p><ul><li>Nombre\/Iniciales<\/li><li>Fecha de nacimiento\/Edad<\/li><li>Sexo<\/li><li>Pa\u00eds<\/li><li>Detalles de la reacci\u00f3n adversa al medicamento<\/li><li>Informaci\u00f3n sobre el producto Denk Pharma, incluyendo motivo de uso, periodo de uso y dosis.<\/li><li>Informaci\u00f3n adicional sobre el historial m\u00e9dico que nos haya proporcionado voluntariamente<\/li><li>Datos de contacto para consultas (como direcci\u00f3n, n\u00famero de tel\u00e9fono, direcci\u00f3n de correo electr\u00f3nico, fax)<\/li><\/ul><p>El nombre completo (excepto las iniciales) y los datos de contacto se anonimizan o eliminan en cuanto dejan de ser necesarios para la tramitaci\u00f3n posterior del informe. Los siguientes datos personales se recogen de forma voluntaria de fuentes que notifican reacciones adversas a medicamentos, por ejemplo, profesionales sanitarios:<\/p><ul><li>Nombre\/Iniciales<\/li><li>Profesi\u00f3n<\/li><li>Datos de contacto para consultas (como direcci\u00f3n, n\u00famero de tel\u00e9fono, direcci\u00f3n de correo electr\u00f3nico, fax)<\/li><\/ul><p>La informaci\u00f3n mencionada es recogida por el departamento de farmacovigilancia de Denk Pharma GmbH &amp; Co. KG y est\u00e1 protegida contra el acceso no autorizado.<\/p>\t\t\t\t\t\t\t\t<\/div>\n\t\t\t\t<div class=\"elementor-element elementor-element-09d2587 elementor-widget elementor-widget-heading\" data-id=\"09d2587\" data-element_type=\"widget\" data-e-type=\"widget\" data-widget_type=\"heading.default\">\n\t\t\t\t\t<h2 class=\"elementor-heading-title elementor-size-default\">Uso y divulgaci\u00f3n de datos a terceros<\/h2>\t\t\t\t<\/div>\n\t\t\t\t<div class=\"elementor-element elementor-element-44263a4 elementor-widget elementor-widget-text-editor\" data-id=\"44263a4\" data-element_type=\"widget\" data-e-type=\"widget\" data-widget_type=\"text-editor.default\">\n\t\t\t\t\t\t\t\t\tLos datos personales que facilite se utilizar\u00e1n de conformidad con los requisitos normativos y legales aplicables para mantener los elevados niveles de calidad y seguridad de los medicamentos distribuidos por Denk Pharma GmbH &amp; Co. KG. Adem\u00e1s, sirven para cumplir las obligaciones legales o reglamentarias de Denk Pharma GmbH &amp; Co. KG de notificar las reacciones adversas de los medicamentos a las autoridades reguladoras.\nSi ha dado su consentimiento para que nos pongamos en contacto con usted, podemos registrar sus datos de contacto para solicitarle informaci\u00f3n adicional en relaci\u00f3n con la reacci\u00f3n adversa al medicamento notificada.\nEn algunos casos, estamos obligados a comunicar informaci\u00f3n relevante para la seguridad de los medicamentos (por ejemplo, notificaciones de reacciones adversas a medicamentos) a autoridades sanitarias de todo el mundo, incluidos pa\u00edses con normas de protecci\u00f3n de datos diferentes a las de la UE. Esto tambi\u00e9n puede requerir compartir la informaci\u00f3n con representantes locales de Denk Pharma GmbH &amp; Co. KG. Las notificaciones de reacciones adversas a medicamentos contienen informaci\u00f3n detallada sobre la reacci\u00f3n adversa al medicamento notificada, pero s\u00f3lo datos personales limitados:\n\nDatos de los pacientes incluidos, en funci\u00f3n de la informaci\u00f3n disponible:\n\n<ul>\n \t<li>Edad<\/li>\n \t<li>Fecha de nacimiento \/ A\u00f1o de nacimiento<\/li>\n \t<li>Sexo<\/li>\n \t<li>Iniciales (pero no el nombre completo del paciente)<\/li>\n<\/ul>\n\nDatos del informador, en funci\u00f3n de la informaci\u00f3n disponible:\n\n<ul>\n \t<li>Nombre o iniciales<\/li>\n \t<li>Actividad profesional (por ejemplo, m\u00e9dico, farmac\u00e9utico)<\/li>\n \t<li>Datos de contacto \/ Direcci\u00f3n<\/li>\n<\/ul>\nSi el informador no desea facilitar sus datos a las autoridades, los campos del informe a la autoridad estar\u00e1n enmascarados.\nCuando sus datos se transfieren a representantes locales fuera de la UE, garantizamos una protecci\u00f3n adecuada de los datos personales.\n\t\t\t\t\t\t\t\t<\/div>\n\t\t\t\t<div class=\"elementor-element elementor-element-34e901e elementor-widget elementor-widget-heading\" data-id=\"34e901e\" data-element_type=\"widget\" data-e-type=\"widget\" data-widget_type=\"heading.default\">\n\t\t\t\t\t<h2 class=\"elementor-heading-title elementor-size-default\">Per\u00edodo de conservaci\u00f3n de los datos<\/h2>\t\t\t\t<\/div>\n\t\t\t\t<div class=\"elementor-element elementor-element-3b1cbdd elementor-widget elementor-widget-text-editor\" data-id=\"3b1cbdd\" data-element_type=\"widget\" data-e-type=\"widget\" data-widget_type=\"text-editor.default\">\n\t\t\t\t\t\t\t\t\tDenk Pharma GmbH &#038; Co. KG conserva sus datos personales durante el tiempo necesario para cumplir con nuestras obligaciones legales o para hacer valer, ejercer o defender reclamaciones legales. Dado que la notificaci\u00f3n de acontecimientos adversos es importante por razones de salud p\u00fablica, los informes deben conservarse durante al menos 10 a\u00f1os despu\u00e9s de que haya expirado la autorizaci\u00f3n del producto en cuesti\u00f3n.\t\t\t\t\t\t\t\t<\/div>\n\t\t\t\t<div class=\"elementor-element elementor-element-e0e5e98 elementor-widget elementor-widget-heading\" data-id=\"e0e5e98\" data-element_type=\"widget\" data-e-type=\"widget\" data-widget_type=\"heading.default\">\n\t\t\t\t\t<h2 class=\"elementor-heading-title elementor-size-default\">Derecho de informaci\u00f3n, rectificaci\u00f3n y supresi\u00f3n de sus datos personales<\/h2>\t\t\t\t<\/div>\n\t\t\t\t<div class=\"elementor-element elementor-element-a800c06 elementor-widget elementor-widget-text-editor\" data-id=\"a800c06\" data-element_type=\"widget\" data-e-type=\"widget\" data-widget_type=\"text-editor.default\">\n\t\t\t\t\t\t\t\t\t<p>Puede ponerse en contacto con Denk Pharma GmbH &amp; Co. KG en cualquier momento para saber qu\u00e9 datos hemos almacenado sobre usted y con qu\u00e9 fines. En casos justificados, tambi\u00e9n puede solicitar la eliminaci\u00f3n, correcci\u00f3n o restricci\u00f3n del procesamiento de sus datos personales. Si dicha solicitud exigiera que Denk Pharma GmbH &amp; Co. KG incumpla las leyes o normativas aplicables, Denk Pharma GmbH &amp; Co. KG podr\u00eda no estar en condiciones de satisfacer plenamente la solicitud. En este caso, el tratamiento de los datos se limitar\u00e1 a las actividades legalmente necesarias.<br \/>Tambi\u00e9n tiene derecho a oponerse al tratamiento de sus datos personales, incluida la transferencia a autoridades fuera de la UE, a menos que los intereses de Denk Pharma GmbH &amp; Co. KG tengan prioridad.<br \/>Si tiene alguna pregunta sobre nuestro uso de los datos personales en farmacovigilancia o sobre esta pol\u00edtica de privacidad, o si desea ejercer sus derechos, puede ponerse en contacto con nosotros en cualquier momento: <a href=\"mailto:pharma@denkpharma.de\" target=\"_blank\" rel=\"noopener\">pharma@denkpharma.de<\/a> Alternativamente: <a href=\"mailto:datenschutz@denk-products.de\" target=\"_blank\" rel=\"noopener\">datenschutz@denk-products.de<\/a><\/p><p>Para el tratamiento de sus datos personales amparado por la legislaci\u00f3n de la UE, si tiene preguntas o dudas sobre el tratamiento de datos, tambi\u00e9n puede ponerse en contacto con la autoridad de protecci\u00f3n de datos pertinente: Der Bayerische Landesbeauftragte f\u00fcr den Datenschutz Bayern, Postfach 22 12 19, 80502 M\u00fcnchen, <a href=\"mailto:poststelle@datenschutz-bayern.de\" target=\"_blank\" rel=\"noopener\">poststelle@datenschutz-bayern.de<\/a><\/p>\t\t\t\t\t\t\t\t<\/div>\n\t\t\t\t\t<\/div>\n\t\t\t\t<\/div>\n\t\t<div class=\"elementor-element elementor-element-945fc44 e-flex e-con-boxed e-con e-parent\" data-id=\"945fc44\" data-element_type=\"container\" data-e-type=\"container\" data-settings=\"{&quot;_is_slider_enabled&quot;:&quot;no&quot;}\">\n\t\t\t\t\t<div class=\"e-con-inner\">\n\t\t\t\t<div class=\"elementor-element elementor-element-8d50c4a elementor-widget elementor-widget-html\" data-id=\"8d50c4a\" data-element_type=\"widget\" data-e-type=\"widget\" data-widget_type=\"html.default\">\n\t\t\t\t\t<div id=\"cookiefirst-policy-page\"><\/div>\n<div>Esta pol\u00edtica de cookies ha sido creada y actualizada por <a href=\"https:\/\/cookiefirst.com\/es\/cookie-consent\/\">Cookie Consent - CookieFirst<\/a>.<\/div>\n<div id=\"cookiefirst-cookies-table\"><\/div>\n<div>Esta tabla de cookies ha sido creada y actualizada por <a href=\"https:\/\/cookiefirst.com\/es\/cookie-banner\/\">CookieFirst - Cookie Banner Tool<\/a>.<\/div>\t\t\t\t<\/div>\n\t\t\t\t\t<\/div>\n\t\t\t\t<\/div>\n\t\t\t\t<\/div>\n\t\t","protected":false},"excerpt":{"rendered":"<p>Pol\u00edtica de privacidad 1. Protecci\u00f3n de datos de un vistazo Informaci\u00f3n general La siguiente informaci\u00f3n ofrece una visi\u00f3n general sencilla de lo que ocurre con sus datos personales cuando visita nuestro sitio web. Por datos personales se entiende cualquier dato que pueda utilizarse para identificarle personalmente. Encontrar\u00e1 informaci\u00f3n detallada sobre la protecci\u00f3n de datos en [&hellip;]<\/p>\n","protected":false},"author":1,"featured_media":0,"parent":0,"menu_order":0,"comment_status":"closed","ping_status":"closed","template":"","meta":{"footnotes":""},"class_list":["post-10686","page","type-page","status-publish","hentry"],"yoast_head":"<!-- This site is optimized with the Yoast SEO Premium plugin v27.2 (Yoast SEO v27.2) - https:\/\/yoast.com\/product\/yoast-seo-premium-wordpress\/ -->\n<title>Denk Pharma | Pol\u00edtica de privacidad<\/title>\n<meta name=\"description\" content=\"Our products are available in more than 80 countries worldwide, providing patients with the same premium quality as in German pharmacies.\" \/>\n<meta name=\"robots\" content=\"index, follow, max-snippet:-1, max-image-preview:large, max-video-preview:-1\" \/>\n<link rel=\"canonical\" href=\"https:\/\/www.denkpharma.com\/es\/politica-de-privacidad\/\" \/>\n<meta property=\"og:locale\" content=\"es_ES\" \/>\n<meta property=\"og:type\" content=\"article\" \/>\n<meta property=\"og:title\" content=\"Pol\u00edtica de privacidad &#8212; DENK PHARMA GmbH &amp; Co. KG\" \/>\n<meta property=\"og:description\" content=\"DENK PHARMA GmbH &amp; Co. KG\" \/>\n<meta property=\"og:url\" content=\"https:\/\/www.denkpharma.com\/es\/politica-de-privacidad\/\" \/>\n<meta property=\"og:site_name\" content=\"DENK PHARMA GmbH &amp; Co. KG\" \/>\n<meta property=\"article:publisher\" content=\"https:\/\/www.facebook.com\/DenkPharma\/\" \/>\n<meta property=\"article:modified_time\" content=\"2026-01-13T15:17:02+00:00\" \/>\n<meta property=\"og:image\" content=\"https:\/\/www.denkpharma.com\/wp-content\/uploads\/2024\/10\/denk_pharma_bg.jpg\" \/>\n\t<meta property=\"og:image:width\" content=\"1200\" \/>\n\t<meta property=\"og:image:height\" content=\"675\" \/>\n\t<meta property=\"og:image:type\" content=\"image\/jpeg\" \/>\n<meta name=\"twitter:card\" content=\"summary_large_image\" \/>\n<meta name=\"twitter:label1\" content=\"Tiempo de lectura\" \/>\n\t<meta name=\"twitter:data1\" content=\"25 minutos\" \/>\n<script type=\"application\/ld+json\" class=\"yoast-schema-graph\">{\"@context\":\"https:\/\/schema.org\",\"@graph\":[{\"@type\":\"WebPage\",\"@id\":\"https:\/\/www.denkpharma.com\/es\/politica-de-privacidad\/\",\"url\":\"https:\/\/www.denkpharma.com\/es\/politica-de-privacidad\/\",\"name\":\"Denk Pharma | Pol\u00edtica de privacidad\",\"isPartOf\":{\"@id\":\"https:\/\/www.denkpharma.com\/es\/#website\"},\"datePublished\":\"2024-06-13T09:59:21+00:00\",\"dateModified\":\"2026-01-13T15:17:02+00:00\",\"description\":\"Our products are available in more than 80 countries worldwide, providing patients with the same premium quality as in German pharmacies.\",\"breadcrumb\":{\"@id\":\"https:\/\/www.denkpharma.com\/es\/politica-de-privacidad\/#breadcrumb\"},\"inLanguage\":\"es\",\"potentialAction\":[{\"@type\":\"ReadAction\",\"target\":[\"https:\/\/www.denkpharma.com\/es\/politica-de-privacidad\/\"]}]},{\"@type\":\"BreadcrumbList\",\"@id\":\"https:\/\/www.denkpharma.com\/es\/politica-de-privacidad\/#breadcrumb\",\"itemListElement\":[{\"@type\":\"ListItem\",\"position\":1,\"name\":\"Home\",\"item\":\"https:\/\/www.denkpharma.com\/es\/\"},{\"@type\":\"ListItem\",\"position\":2,\"name\":\"Pol\u00edtica de privacidad\"}]},{\"@type\":\"WebSite\",\"@id\":\"https:\/\/www.denkpharma.com\/es\/#website\",\"url\":\"https:\/\/www.denkpharma.com\/es\/\",\"name\":\"DENK PHARMA GmbH & Co. KG\",\"description\":\"We Create Access to Healing since 1948\",\"publisher\":{\"@id\":\"https:\/\/www.denkpharma.com\/es\/#organization\"},\"alternateName\":\"Denk Pharma\",\"potentialAction\":[{\"@type\":\"SearchAction\",\"target\":{\"@type\":\"EntryPoint\",\"urlTemplate\":\"https:\/\/www.denkpharma.com\/es\/?s={search_term_string}\"},\"query-input\":{\"@type\":\"PropertyValueSpecification\",\"valueRequired\":true,\"valueName\":\"search_term_string\"}}],\"inLanguage\":\"es\"},{\"@type\":\"Organization\",\"@id\":\"https:\/\/www.denkpharma.com\/es\/#organization\",\"name\":\"DENK PHARMA GmbH & Co. KG\",\"url\":\"https:\/\/www.denkpharma.com\/es\/\",\"logo\":{\"@type\":\"ImageObject\",\"inLanguage\":\"es\",\"@id\":\"https:\/\/www.denkpharma.com\/es\/#\/schema\/logo\/image\/\",\"url\":\"https:\/\/www.denkpharma.com\/wp-content\/uploads\/2024\/10\/denk_pharma_logo.png\",\"contentUrl\":\"https:\/\/www.denkpharma.com\/wp-content\/uploads\/2024\/10\/denk_pharma_logo.png\",\"width\":696,\"height\":696,\"caption\":\"DENK PHARMA GmbH & Co. KG\"},\"image\":{\"@id\":\"https:\/\/www.denkpharma.com\/es\/#\/schema\/logo\/image\/\"},\"sameAs\":[\"https:\/\/www.facebook.com\/DenkPharma\/\",\"https:\/\/de.linkedin.com\/company\/denkpharma\",\"https:\/\/www.instagram.com\/denk_pharma_germany\/\"],\"description\":\"Denk Pharma is an owner-managed and worldwide acting pharmaceutical company based in Munich. We are working in more than 80 countries to ensure access to healing.\",\"email\":\"pharma@denkpharma.de\",\"telephone\":\"+ 49 (0)89 23 00 29-0\",\"legalName\":\"DENK PHARMA GmbH & Co. KG\",\"foundingDate\":\"1948-08-01\",\"vatID\":\"DE245889441\",\"numberOfEmployees\":{\"@type\":\"QuantitativeValue\",\"minValue\":\"51\",\"maxValue\":\"200\"},\"publishingPrinciples\":\"https:\/\/www.denkpharma.com\/es\/empresa\/lo-que-nos-mueve\/\",\"ownershipFundingInfo\":\"https:\/\/www.denkpharma.com\/company\/who-we-are\/\",\"actionableFeedbackPolicy\":\"https:\/\/www.denkpharma.com\/contact\/\",\"correctionsPolicy\":\"https:\/\/www.denkpharma.com\/imprint\/\",\"ethicsPolicy\":\"https:\/\/www.denkpharma.com\/company\/social-commitment\/\"}]}<\/script>\n<!-- \/ Yoast SEO Premium plugin. -->","yoast_head_json":{"title":"Denk Pharma | Pol\u00edtica de privacidad","description":"Our products are available in more than 80 countries worldwide, providing patients with the same premium quality as in German pharmacies.","robots":{"index":"index","follow":"follow","max-snippet":"max-snippet:-1","max-image-preview":"max-image-preview:large","max-video-preview":"max-video-preview:-1"},"canonical":"https:\/\/www.denkpharma.com\/es\/politica-de-privacidad\/","og_locale":"es_ES","og_type":"article","og_title":"Pol\u00edtica de privacidad &#8212; DENK PHARMA GmbH &amp; Co. KG","og_description":"DENK PHARMA GmbH &amp; Co. KG","og_url":"https:\/\/www.denkpharma.com\/es\/politica-de-privacidad\/","og_site_name":"DENK PHARMA GmbH &amp; Co. KG","article_publisher":"https:\/\/www.facebook.com\/DenkPharma\/","article_modified_time":"2026-01-13T15:17:02+00:00","og_image":[{"width":1200,"height":675,"url":"https:\/\/www.denkpharma.com\/wp-content\/uploads\/2024\/10\/denk_pharma_bg.jpg","type":"image\/jpeg"}],"twitter_card":"summary_large_image","twitter_misc":{"Tiempo de lectura":"25 minutos"},"schema":{"@context":"https:\/\/schema.org","@graph":[{"@type":"WebPage","@id":"https:\/\/www.denkpharma.com\/es\/politica-de-privacidad\/","url":"https:\/\/www.denkpharma.com\/es\/politica-de-privacidad\/","name":"Denk Pharma | Pol\u00edtica de privacidad","isPartOf":{"@id":"https:\/\/www.denkpharma.com\/es\/#website"},"datePublished":"2024-06-13T09:59:21+00:00","dateModified":"2026-01-13T15:17:02+00:00","description":"Our products are available in more than 80 countries worldwide, providing patients with the same premium quality as in German pharmacies.","breadcrumb":{"@id":"https:\/\/www.denkpharma.com\/es\/politica-de-privacidad\/#breadcrumb"},"inLanguage":"es","potentialAction":[{"@type":"ReadAction","target":["https:\/\/www.denkpharma.com\/es\/politica-de-privacidad\/"]}]},{"@type":"BreadcrumbList","@id":"https:\/\/www.denkpharma.com\/es\/politica-de-privacidad\/#breadcrumb","itemListElement":[{"@type":"ListItem","position":1,"name":"Home","item":"https:\/\/www.denkpharma.com\/es\/"},{"@type":"ListItem","position":2,"name":"Pol\u00edtica de privacidad"}]},{"@type":"WebSite","@id":"https:\/\/www.denkpharma.com\/es\/#website","url":"https:\/\/www.denkpharma.com\/es\/","name":"DENK PHARMA GmbH & Co. KG","description":"We Create Access to Healing since 1948","publisher":{"@id":"https:\/\/www.denkpharma.com\/es\/#organization"},"alternateName":"Denk Pharma","potentialAction":[{"@type":"SearchAction","target":{"@type":"EntryPoint","urlTemplate":"https:\/\/www.denkpharma.com\/es\/?s={search_term_string}"},"query-input":{"@type":"PropertyValueSpecification","valueRequired":true,"valueName":"search_term_string"}}],"inLanguage":"es"},{"@type":"Organization","@id":"https:\/\/www.denkpharma.com\/es\/#organization","name":"DENK PHARMA GmbH & Co. KG","url":"https:\/\/www.denkpharma.com\/es\/","logo":{"@type":"ImageObject","inLanguage":"es","@id":"https:\/\/www.denkpharma.com\/es\/#\/schema\/logo\/image\/","url":"https:\/\/www.denkpharma.com\/wp-content\/uploads\/2024\/10\/denk_pharma_logo.png","contentUrl":"https:\/\/www.denkpharma.com\/wp-content\/uploads\/2024\/10\/denk_pharma_logo.png","width":696,"height":696,"caption":"DENK PHARMA GmbH & Co. KG"},"image":{"@id":"https:\/\/www.denkpharma.com\/es\/#\/schema\/logo\/image\/"},"sameAs":["https:\/\/www.facebook.com\/DenkPharma\/","https:\/\/de.linkedin.com\/company\/denkpharma","https:\/\/www.instagram.com\/denk_pharma_germany\/"],"description":"Denk Pharma is an owner-managed and worldwide acting pharmaceutical company based in Munich. We are working in more than 80 countries to ensure access to healing.","email":"pharma@denkpharma.de","telephone":"+ 49 (0)89 23 00 29-0","legalName":"DENK PHARMA GmbH & Co. KG","foundingDate":"1948-08-01","vatID":"DE245889441","numberOfEmployees":{"@type":"QuantitativeValue","minValue":"51","maxValue":"200"},"publishingPrinciples":"https:\/\/www.denkpharma.com\/es\/empresa\/lo-que-nos-mueve\/","ownershipFundingInfo":"https:\/\/www.denkpharma.com\/company\/who-we-are\/","actionableFeedbackPolicy":"https:\/\/www.denkpharma.com\/contact\/","correctionsPolicy":"https:\/\/www.denkpharma.com\/imprint\/","ethicsPolicy":"https:\/\/www.denkpharma.com\/company\/social-commitment\/"}]}},"acf":[],"_links":{"self":[{"href":"https:\/\/www.denkpharma.com\/es\/wp-json\/wp\/v2\/pages\/10686","targetHints":{"allow":["GET"]}}],"collection":[{"href":"https:\/\/www.denkpharma.com\/es\/wp-json\/wp\/v2\/pages"}],"about":[{"href":"https:\/\/www.denkpharma.com\/es\/wp-json\/wp\/v2\/types\/page"}],"author":[{"embeddable":true,"href":"https:\/\/www.denkpharma.com\/es\/wp-json\/wp\/v2\/users\/1"}],"replies":[{"embeddable":true,"href":"https:\/\/www.denkpharma.com\/es\/wp-json\/wp\/v2\/comments?post=10686"}],"version-history":[{"count":0,"href":"https:\/\/www.denkpharma.com\/es\/wp-json\/wp\/v2\/pages\/10686\/revisions"}],"wp:attachment":[{"href":"https:\/\/www.denkpharma.com\/es\/wp-json\/wp\/v2\/media?parent=10686"}],"curies":[{"name":"wp","href":"https:\/\/api.w.org\/{rel}","templated":true}]}}